{"id":17098,"date":"2019-11-06T01:46:37","date_gmt":"2019-11-06T00:46:37","guid":{"rendered":"https:\/\/e-booking.cz\/?page_id=17098"},"modified":"2020-02-02T12:54:39","modified_gmt":"2020-02-02T11:54:39","slug":"spanelsko","status":"publish","type":"page","link":"https:\/\/e-booking.cz\/en\/spanelsko\/","title":{"rendered":"\u0160pan\u011blsko"},"content":{"rendered":"<div class=\"wpb-content-wrapper\"><p>[vc_row][vc_column][vc_raw_html]JTNDc2NyaXB0JTIwc3JjJTNEJTIyaHR0cHMlM0ElMkYlMkZhZmYuZG92b2xlbmEuY3olMkZqcyUyRmxpYnMlMkZkdl9pZnJhbWVfYXV0b3NpemUuanMlM0Z2ZXJzaW9uJTNEMTU3Mjk5NDgwMyUyMiUzRSUzQyUyRnNjcmlwdCUzRSUwQSUzQ2lmcmFtZSUyMGlkJTNEJTIyZHZfZmlsdGVyX2lmcmFtZSUyMiUyMHdpZHRoJTNEJTIyMTAwJTI1JTIyJTIwc3JjJTNEJTIyJTJGJTJGYWZmLmRvdm9sZW5hLmN6JTJGY2FtcGFpZ24lMkZmaWx0ZXJfaWZyYW1lJTNGY2lkJTNEMTU0MTUlMjIlMjBzY3JvbGxpbmclM0QlMjJubyUyMiUyMGZyYW1lYm9yZGVyJTNEJTIyMCUyMiUzRSUzQyUyRmlmcmFtZSUzRQ==[\/vc_raw_html][\/vc_column][\/vc_row][vc_row][vc_column][vc_empty_space][\/vc_column][\/vc_row][vc_row][vc_column][vc_column_text]<\/p>\n<div class=\"affi-box grid-5\">          <a class=\"first affi-item\" style=\"background-image: url(https:\/\/image.dovolena.cz\/photos\/c7\/0\/c628f2a591297b0fe52952a52ed36.jpg)\"\" href=\"https:\/\/dovolena.cz\/trip-detail?length=1-60&price=1-1000000&cid=15694&adult=2&airport=40-45-41-61-42-43-48-47&date=03.05.2026-02.05.2027&destination=4873&tripType=80&transport=35&transfer=1&hotelId=970728&reference=040500010ecfe8507804030015040023000b0100000000\" target=\"_blank\">\n            <span class=\"affi-item-price\"><span class=\"price-from\">od<\/span>9 990 K\u010d<\/span>\n            <div class=\"affi-item-extras\"><span class=\"affi-item-food\">Sn\u00eddan\u011b<\/span><span class=\"affi-item-transport\">Letecky (Praha)<\/span><span class=\"affi-item-date\">Od 27.5.2026<\/div>\n            <div class=\"affi-item-footer\">\n              <div class=\"affi-item-footer-text\">\n              <h4 class=\"affi-item-title\">Htop Amatista&nbsp;****<\/h4>\n              <span class=\"affi-item-location-1\">\u0160pan\u011blsko<\/span>\n              <span class=\"affi-item-location-2\">Costa Brava a okoln\u00ed letoviska<\/span>\n            <\/div><\/div> <!-- .affi-item-footer --><\/a> <!-- .affi-item -->          <a class=\"affi-item\" style=\"background-image: url(https:\/\/image.dovolena.cz\/imported\/0965\/fdf2\/9df2\/d801\/f402\/a89d\/73cf\/16a1.jpg)\"\" href=\"https:\/\/dovolena.cz\/trip-detail?length=1-60&price=1-1000000&cid=15694&adult=2&airport=40-45-41-61-42-43-48-47&date=03.05.2026-02.05.2027&destination=4873&tripType=80&transport=35&transfer=1&hotelId=18828&reference=040500010bf7f2508a08070017040000004d0100000000\" target=\"_blank\">\n            <span class=\"affi-item-price\"><span class=\"price-from\">od<\/span>25 261 K\u010d<\/span>\n            <div class=\"affi-item-extras\"><span class=\"affi-item-food\">Polopenze<\/span><span class=\"affi-item-transport\">Letecky (Praha)<\/span><span class=\"affi-item-date\">Od 14.6.2026<\/div>\n            <div class=\"affi-item-footer\">\n              <div class=\"affi-item-footer-text\">\n              <h4 class=\"affi-item-title\">Monarque Fuengirola Park&nbsp;****<\/h4>\n              <span class=\"affi-item-location-1\">\u0160pan\u011blsko<\/span>\n              <span class=\"affi-item-location-2\">Fuengirola<\/span>\n            <\/div><\/div> <!-- .affi-item-footer --><\/a> <!-- .affi-item -->          <a class=\"first affi-item\" style=\"background-image: url(https:\/\/image.dovolena.cz\/photos\/57\/8\/898fb11e6ee3243f4b66ea6ca90e1.jpg)\"\" href=\"https:\/\/dovolena.cz\/trip-detail?length=1-60&price=1-1000000&cid=15694&adult=2&airport=40-45-41-61-42-43-48-47&date=03.05.2026-02.05.2027&destination=4873&tripType=80&transport=35&transfer=1&hotelId=836634&reference=040500010cc41a50660c0b001704000b003801c3bb6dcb\" target=\"_blank\">\n            <span class=\"affi-item-price\"><span class=\"price-from\">od<\/span>15 989 K\u010d<\/span>\n            <div class=\"affi-item-extras\"><span class=\"affi-item-food\">Polopenze<\/span><span class=\"affi-item-transport\">Letecky (Praha)<\/span><span class=\"affi-item-date\">Od 9.5.2026<\/div>\n            <div class=\"affi-item-footer\">\n              <div class=\"affi-item-footer-text\">\n              <h4 class=\"affi-item-title\">Grupotel Alcudia Suite&nbsp;****<\/h4>\n              <span class=\"affi-item-location-1\">\u0160pan\u011blsko<\/span>\n              <span class=\"affi-item-location-2\">Playa de Muro<\/span>\n            <\/div><\/div> <!-- .affi-item-footer --><\/a> <!-- .affi-item -->          <a class=\"affi-item\" style=\"background-image: url(https:\/\/image.dovolena.cz\/imported\/0dea\/462e\/9eae\/8ff3\/193c\/e794\/3581\/40eb.jpg)\"\" href=\"https:\/\/dovolena.cz\/trip-detail?length=1-60&price=1-1000000&cid=15694&adult=2&airport=40-45-41-61-42-43-48-47&date=03.05.2026-02.05.2027&destination=4873&tripType=80&transport=35&transfer=1&hotelId=254517&reference=040500010bfb22508808070017040000004d0100000000\" target=\"_blank\">\n            <span class=\"affi-item-price\"><span class=\"price-from\">od<\/span>22 181 K\u010d<\/span>\n            <div class=\"affi-item-extras\"><span class=\"affi-item-food\">Polopenze<\/span><span class=\"affi-item-transport\">Letecky (Praha)<\/span><span class=\"affi-item-date\">Od 12.6.2026<\/div>\n            <div class=\"affi-item-footer\">\n              <div class=\"affi-item-footer-text\">\n              <h4 class=\"affi-item-title\">Alegria Plaza Paris&nbsp;****<\/h4>\n              <span class=\"affi-item-location-1\">\u0160pan\u011blsko<\/span>\n              <span class=\"affi-item-location-2\">Lloret de Mar<\/span>\n            <\/div><\/div> <!-- .affi-item-footer --><\/a> <!-- .affi-item -->          <a class=\"affi-item\" style=\"background-image: url(https:\/\/image.dovolena.cz\/photos\/ad\/6\/76ad25febdf83ad453dafe4749d2e.jpg)\"\" href=\"https:\/\/dovolena.cz\/trip-detail?length=1-60&price=1-1000000&cid=15694&adult=2&airport=40-45-41-61-42-43-48-47&date=03.05.2026-02.05.2027&destination=4873&tripType=80&transport=35&transfer=1&hotelId=935568&reference=040500010e469050f0050400190419660038019bf65ec8\" target=\"_blank\">\n            <span class=\"affi-item-price\"><span class=\"price-from\">od<\/span>16 930 K\u010d<\/span>\n            <div class=\"affi-item-extras\"><span class=\"affi-item-food\">Pln\u00e1 penze<\/span><span class=\"affi-item-transport\">Letecky (Praha)<\/span><span class=\"affi-item-date\">Od 24.9.2026<\/div>\n            <div class=\"affi-item-footer\">\n              <div class=\"affi-item-footer-text\">\n              <h4 class=\"affi-item-title\">ZT Peniscola Plaza Suite&nbsp;****<\/h4>\n              <span class=\"affi-item-location-1\">\u0160pan\u011blsko<\/span>\n              <span class=\"affi-item-location-2\">Peniscola<\/span>\n            <\/div><\/div> <!-- .affi-item-footer --><\/a> <!-- .affi-item -->          <a class=\"affi-item\" style=\"background-image: url(https:\/\/image.dovolena.cz\/photos\/67\/a\/80db2e461fb1dbcc9897264affa75.jpg)\"\" href=\"https:\/\/dovolena.cz\/trip-detail?length=1-60&price=1-1000000&cid=15694&adult=2&airport=40-45-41-61-42-43-48-47&date=03.05.2026-02.05.2027&destination=4873&tripType=80&transport=35&transfer=1&hotelId=103893&reference=040500010be43750700504051b04116d00060100000000\" target=\"_blank\">\n            <span class=\"affi-item-price\"><span class=\"price-from\">od<\/span>15 890 K\u010d<\/span>\n            <div class=\"affi-item-extras\"><span class=\"affi-item-food\">All inclusive<\/span><span class=\"affi-item-transport\">Letecky (V\u00edde\u0148)<\/span><span class=\"affi-item-date\">Od 19.5.2026<\/div>\n            <div class=\"affi-item-footer\">\n              <div class=\"affi-item-footer-text\">\n              <h4 class=\"affi-item-title\">Club Cala Romani&nbsp;***<\/h4>\n              <span class=\"affi-item-location-1\">\u0160pan\u011blsko<\/span>\n              <span class=\"affi-item-location-2\">Cales de Mallorca<\/span>\n            <\/div><\/div> <!-- .affi-item-footer --><\/a> <!-- .affi-item -->          <a class=\"first affi-item\" style=\"background-image: url(https:\/\/image.dovolena.cz\/photos\/8b\/1\/5f1a210a57b700f4be989a3231661.jpg)\"\" href=\"https:\/\/dovolena.cz\/trip-detail?length=1-60&price=1-1000000&cid=15694&adult=2&airport=40-45-41-61-42-43-48-47&date=03.05.2026-02.05.2027&destination=4873&tripType=80&transport=35&transfer=1&hotelId=503455&reference=040500010cb95350940403001b0400020038015d098f90\" target=\"_blank\">\n            <span class=\"affi-item-price\"><span class=\"price-from\">od<\/span>14 389 K\u010d<\/span>\n            <div class=\"affi-item-extras\"><span class=\"affi-item-food\">All inclusive<\/span><span class=\"affi-item-transport\">Letecky (Praha)<\/span><span class=\"affi-item-date\">Od 24.6.2026<\/div>\n            <div class=\"affi-item-footer\">\n              <div class=\"affi-item-footer-text\">\n              <h4 class=\"affi-item-title\">Ilusion Vista Blava&nbsp;***<\/h4>\n              <span class=\"affi-item-location-1\">\u0160pan\u011blsko<\/span>\n              <span class=\"affi-item-location-2\">Cala Millor<\/span>\n            <\/div><div class=\"affi-item-reviews\"><span class=\"affi-item-reviews-title\">Posledn\u00ed hodnocen\u00ed:<\/span><div class=\"review-item\"><span class=\"affi-item-reviews-date\">27.7.2025<\/span><span class=\"stars\" style=\"--rating: 4.6;\"><\/span><\/div><\/div><\/div> <!-- .affi-item-footer --><\/a> <!-- .affi-item -->          <a class=\"affi-item\" style=\"background-image: url(https:\/\/image.dovolena.cz\/photos\/87\/5\/0cc5f950641b2d348d64c16efd99c.jpg)\"\" href=\"https:\/\/dovolena.cz\/trip-detail?length=1-60&price=1-1000000&cid=15694&adult=2&airport=40-45-41-61-42-43-48-47&date=03.05.2026-02.05.2027&destination=4873&tripType=80&transport=35&transfer=1&hotelId=676042&reference=040500010cb87f50fd040300170406230038011e27d1d5\" target=\"_blank\">\n            <span class=\"affi-item-price\"><span class=\"price-from\">od<\/span>16 890 K\u010d<\/span>\n            <div class=\"affi-item-extras\"><span class=\"affi-item-food\">Polopenze<\/span><span class=\"affi-item-transport\">Letecky (Praha)<\/span><span class=\"affi-item-date\">Od 7.10.2026<\/div>\n            <div class=\"affi-item-footer\">\n              <div class=\"affi-item-footer-text\">\n              <h4 class=\"affi-item-title\">HM Isabela -   +18&nbsp;****<\/h4>\n              <span class=\"affi-item-location-1\">\u0160pan\u011blsko<\/span>\n              <span class=\"affi-item-location-2\">Santa Ponsa<\/span>\n            <\/div><\/div> <!-- .affi-item-footer --><\/a> <!-- .affi-item -->          <a class=\"first affi-item\" style=\"background-image: url(https:\/\/image.dovolena.cz\/photos\/50\/c\/d3e8f25bcc7ddb2c8e5750a2f009f.jpg)\"\" href=\"https:\/\/dovolena.cz\/trip-detail?length=1-60&price=1-1000000&cid=15694&adult=2&airport=40-45-41-61-42-43-48-47&date=03.05.2026-02.05.2027&destination=4873&tripType=80&transport=35&transfer=1&hotelId=1475&reference=040500010cc571508c0503001b0405320038013ce8a527\" target=\"_blank\">\n            <span class=\"affi-item-price\"><span class=\"price-from\">od<\/span>16 890 K\u010d<\/span>\n            <div class=\"affi-item-extras\"><span class=\"affi-item-food\">All inclusive<\/span><span class=\"affi-item-transport\">Letecky (Praha)<\/span><span class=\"affi-item-date\">Od 16.6.2026<\/div>\n            <div class=\"affi-item-footer\">\n              <div class=\"affi-item-footer-text\">\n              <h4 class=\"affi-item-title\">Alegria Colonial Mar Aquafun&nbsp;****<\/h4>\n              <span class=\"affi-item-location-1\">\u0160pan\u011blsko<\/span>\n              <span class=\"affi-item-location-2\">\u0160pan\u011blsko<\/span>\n            <\/div><div class=\"affi-item-reviews\"><span class=\"affi-item-reviews-title\">Posledn\u00ed hodnocen\u00ed:<\/span><div class=\"review-item review-loop\"><span class=\"affi-item-reviews-date\">16.9.2024<\/span><span class=\"stars\" style=\"--rating: 4.7;\"><\/span><\/div><div class=\"review-item review-loop\"><span class=\"affi-item-reviews-date\">2.9.2024<\/span><span class=\"stars\" style=\"--rating: 4.6;\"><\/span><\/div><div class=\"review-item review-loop\"><span class=\"affi-item-reviews-date\">27.8.2024<\/span><span class=\"stars\" style=\"--rating: 3.8;\"><\/span><\/div><\/div><\/div> <!-- .affi-item-footer --><\/a> <!-- .affi-item -->          <a class=\"affi-item\" style=\"background-image: url(https:\/\/image.dovolena.cz\/photos\/48\/6\/d5e30faf2e01c97721cd507447c3e.webp)\"\" href=\"https:\/\/dovolena.cz\/trip-detail?length=1-60&price=1-1000000&cid=15694&adult=2&airport=40-45-41-61-42-43-48-47&date=03.05.2026-02.05.2027&destination=4873&tripType=80&transport=35&transfer=1&hotelId=13226&reference=040500010a988c50720403001505051600060100000000\" target=\"_blank\">\n            <span class=\"affi-item-price\"><span class=\"price-from\">od<\/span>14 990 K\u010d<\/span>\n            <div class=\"affi-item-extras\"><span class=\"affi-item-food\">Sn\u00eddan\u011b<\/span><span class=\"affi-item-transport\">Letecky (Praha)<\/span><span class=\"affi-item-date\">Od 21.5.2026<\/div>\n            <div class=\"affi-item-footer\">\n              <div class=\"affi-item-footer-text\">\n              <h4 class=\"affi-item-title\">Hotel Tor\u00e1&nbsp;***<\/h4>\n              <span class=\"affi-item-location-1\">\u0160pan\u011blsko<\/span>\n              <span class=\"affi-item-location-2\">Paguera<\/span>\n            <\/div><\/div> <!-- .affi-item-footer --><\/a> <!-- .affi-item -->          <a class=\"first affi-item\" style=\"background-image: url(https:\/\/image.dovolena.cz\/photos\/60\/7\/ec0accd1edd3e2f36692957571b78.jpg)\"\" href=\"https:\/\/dovolena.cz\/trip-detail?length=1-60&price=1-1000000&cid=15694&adult=2&airport=40-45-41-61-42-43-48-47&date=03.05.2026-02.05.2027&destination=4873&tripType=80&transport=35&transfer=1&hotelId=63317&reference=040500010e47b050c10807001504000001320100000000\" target=\"_blank\">\n            <span class=\"affi-item-price\"><span class=\"price-from\">od<\/span>22 904 K\u010d<\/span>\n            <div class=\"affi-item-extras\"><span class=\"affi-item-food\">Sn\u00eddan\u011b<\/span><span class=\"affi-item-transport\">Letecky (Praha)<\/span><span class=\"affi-item-date\">Od 8.8.2026<\/div>\n            <div class=\"affi-item-footer\">\n              <div class=\"affi-item-footer-text\">\n              <h4 class=\"affi-item-title\">Mar Blau&nbsp;***<\/h4>\n              <span class=\"affi-item-location-1\">\u0160pan\u011blsko<\/span>\n              <span class=\"affi-item-location-2\">Calella<\/span>\n            <\/div><\/div> <!-- .affi-item-footer --><\/a> <!-- .affi-item -->          <a class=\"first affi-item\" style=\"background-image: url(https:\/\/image.dovolena.cz\/photos\/76\/2\/8a0184d9431a1131b0dbf44110075.jpg)\"\" href=\"https:\/\/dovolena.cz\/trip-detail?length=1-60&price=1-1000000&cid=15694&adult=2&airport=40-45-41-61-42-43-48-47&date=03.05.2026-02.05.2027&destination=4873&tripType=80&transport=35&transfer=1&hotelId=839438&reference=040500010ccf0e5063080700170400020038019686d4ef\" target=\"_blank\">\n            <span class=\"affi-item-price\"><span class=\"price-from\">od<\/span>16 329 K\u010d<\/span>\n            <div class=\"affi-item-extras\"><span class=\"affi-item-food\">Polopenze<\/span><span class=\"affi-item-transport\">Letecky (Praha)<\/span><span class=\"affi-item-date\">Od 6.5.2026<\/div>\n            <div class=\"affi-item-footer\">\n              <div class=\"affi-item-footer-text\">\n              <h4 class=\"affi-item-title\">Sol Katmandu Park & Resort&nbsp;****<\/h4>\n              <span class=\"affi-item-location-1\">\u0160pan\u011blsko<\/span>\n              <span class=\"affi-item-location-2\">Magaluf<\/span>\n            <\/div><\/div> <!-- .affi-item-footer --><\/a> <!-- .affi-item -->          <a class=\"affi-item\" style=\"background-image: url(https:\/\/image.dovolena.cz\/photos\/f0\/6\/38e35d8d21026d346b9cb54783cf0.jpg)\"\" href=\"https:\/\/dovolena.cz\/trip-detail?length=1-60&price=1-1000000&cid=15694&adult=2&airport=40-45-41-61-42-43-48-47&date=03.05.2026-02.05.2027&destination=4873&tripType=80&transport=35&transfer=1&hotelId=260584&reference=040500010cbe6950ca0403001b0400150038016a0d5f8a\" target=\"_blank\">\n            <span class=\"affi-item-price\"><span class=\"price-from\">od<\/span>16 860 K\u010d<\/span>\n            <div class=\"affi-item-extras\"><span class=\"affi-item-food\">All inclusive<\/span><span class=\"affi-item-transport\">Letecky (Praha)<\/span><span class=\"affi-item-date\">Od 17.8.2026<\/div>\n            <div class=\"affi-item-footer\">\n              <div class=\"affi-item-footer-text\">\n              <h4 class=\"affi-item-title\">Alegria Dos Playas&nbsp;****<\/h4>\n              <span class=\"affi-item-location-1\">\u0160pan\u011blsko<\/span>\n              <span class=\"affi-item-location-2\">Costa C\u00e1lida<\/span>\n            <\/div><\/div> <!-- .affi-item-footer --><\/a> <!-- .affi-item -->          <a class=\"first affi-item\" style=\"background-image: url(https:\/\/image.dovolena.cz\/imported\/567d\/57d2\/4aa1\/240f\/b324\/7faa\/91b2\/793b.jpg)\"\" href=\"https:\/\/dovolena.cz\/trip-detail?length=1-60&price=1-1000000&cid=15694&adult=2&airport=40-45-41-61-42-43-48-47&date=03.05.2026-02.05.2027&destination=4873&tripType=80&transport=35&transfer=1&hotelId=98305&reference=040500010c9f5850900807051904000000210100000000\" target=\"_blank\">\n            <span class=\"affi-item-price\"><span class=\"price-from\">od<\/span>23 790 K\u010d<\/span>\n            <div class=\"affi-item-extras\"><span class=\"affi-item-food\">Pln\u00e1 penze<\/span><span class=\"affi-item-transport\">Letecky (V\u00edde\u0148)<\/span><span class=\"affi-item-date\">Od 20.6.2026<\/div>\n            <div class=\"affi-item-footer\">\n              <div class=\"affi-item-footer-text\">\n              <h4 class=\"affi-item-title\">Maria del Mar&nbsp;****<\/h4>\n              <span class=\"affi-item-location-1\">\u0160pan\u011blsko<\/span>\n              <span class=\"affi-item-location-2\">Lloret de Mar<\/span>\n            <\/div><\/div> <!-- .affi-item-footer --><\/a> <!-- .affi-item -->          <a class=\"first affi-item\" style=\"background-image: url(https:\/\/image.dovolena.cz\/photos\/80\/4\/65dc31151835b6195be1e6ec4a9c2.jpg)\"\" href=\"https:\/\/dovolena.cz\/trip-detail?length=1-60&price=1-1000000&cid=15694&adult=2&airport=40-45-41-61-42-43-48-47&date=03.05.2026-02.05.2027&destination=4873&tripType=80&transport=35&transfer=1&hotelId=906211&reference=040500010dd3e3507a0403001b0407bd000b0177c85a50\" target=\"_blank\">\n            <span class=\"affi-item-price\"><span class=\"price-from\">od<\/span>13 690 K\u010d<\/span>\n            <div class=\"affi-item-extras\"><span class=\"affi-item-food\">All inclusive<\/span><span class=\"affi-item-transport\">Letecky (Praha)<\/span><span class=\"affi-item-date\">Od 29.5.2026<\/div>\n            <div class=\"affi-item-footer\">\n              <div class=\"affi-item-footer-text\">\n              <h4 class=\"affi-item-title\">Hotel Club Cala Romani&nbsp;***<\/h4>\n              <span class=\"affi-item-location-1\">\u0160pan\u011blsko<\/span>\n              <span class=\"affi-item-location-2\">Calas de Mallorca<\/span>\n            <\/div><\/div> <!-- .affi-item-footer --><\/a> <!-- .affi-item -->          <a class=\"affi-item\" style=\"background-image: url(https:\/\/image.dovolena.cz\/photos\/91\/8\/8a5dee7d3c0ae5d0dd82977b865e2.jpg)\"\" href=\"https:\/\/dovolena.cz\/trip-detail?length=1-60&price=1-1000000&cid=15694&adult=2&airport=40-45-41-61-42-43-48-47&date=03.05.2026-02.05.2027&destination=4873&tripType=80&transport=35&transfer=1&hotelId=895594&reference=040500010daa6a50630807011b0404af003801ba1adf63\" target=\"_blank\">\n            <span class=\"affi-item-price\"><span class=\"price-from\">od<\/span>17 089 K\u010d<\/span>\n            <div class=\"affi-item-extras\"><span class=\"affi-item-food\">All inclusive<\/span><span class=\"affi-item-transport\">Letecky (Brno)<\/span><span class=\"affi-item-date\">Od 6.5.2026<\/div>\n            <div class=\"affi-item-footer\">\n              <div class=\"affi-item-footer-text\">\n              <h4 class=\"affi-item-title\">SBH Maxorata Resort&nbsp;****<\/h4>\n              <span class=\"affi-item-location-1\">\u0160pan\u011blsko<\/span>\n              <span class=\"affi-item-location-2\">Fuerteventura<\/span>\n            <\/div><\/div> <!-- .affi-item-footer --><\/a> <!-- .affi-item -->          <a class=\"affi-item\" style=\"background-image: url(https:\/\/image.dovolena.cz\/photos\/db\/9\/026fd53301e52e63dbcd2bf983aae.jpg)\"\" href=\"https:\/\/dovolena.cz\/trip-detail?length=1-60&price=1-1000000&cid=15694&adult=2&airport=40-45-41-61-42-43-48-47&date=03.05.2026-02.05.2027&destination=4873&tripType=80&transport=35&transfer=1&hotelId=947981&reference=040500010e770d507804030019040023000b0177c0cfe0\" target=\"_blank\">\n            <span class=\"affi-item-price\"><span class=\"price-from\">od<\/span>9 690 K\u010d<\/span>\n            <div class=\"affi-item-extras\"><span class=\"affi-item-food\">Pln\u00e1 penze<\/span><span class=\"affi-item-transport\">Letecky (Praha)<\/span><span class=\"affi-item-date\">Od 27.5.2026<\/div>\n            <div class=\"affi-item-footer\">\n              <div class=\"affi-item-footer-text\">\n              <h4 class=\"affi-item-title\">Htop Royal Sun&nbsp;****<\/h4>\n              <span class=\"affi-item-location-1\">\u0160pan\u011blsko<\/span>\n              <span class=\"affi-item-location-2\">Costa Dorada<\/span>\n            <\/div><\/div> <!-- .affi-item-footer --><\/a> <!-- .affi-item -->          <a class=\"affi-item\" style=\"background-image: url(https:\/\/image.dovolena.cz\/photos\/12\/c\/dc966ee56f485f590c76821814046.jpg)\"\" href=\"https:\/\/dovolena.cz\/trip-detail?length=1-60&price=1-1000000&cid=15694&adult=2&airport=40-45-41-61-42-43-48-47&date=03.05.2026-02.05.2027&destination=4873&tripType=80&transport=35&transfer=1&hotelId=931850&reference=040500010e604a50f908070017040000004d0100000000\" target=\"_blank\">\n            <span class=\"affi-item-price\"><span class=\"price-from\">od<\/span>25 261 K\u010d<\/span>\n            <div class=\"affi-item-extras\"><span class=\"affi-item-food\">Polopenze<\/span><span class=\"affi-item-transport\">Letecky (Praha)<\/span><span class=\"affi-item-date\">Od 3.10.2026<\/div>\n            <div class=\"affi-item-footer\">\n              <div class=\"affi-item-footer-text\">\n              <h4 class=\"affi-item-title\">Port Fiesta Park&nbsp;***<\/h4>\n              <span class=\"affi-item-location-1\">\u0160pan\u011blsko<\/span>\n              <span class=\"affi-item-location-2\">Benidorm<\/span>\n            <\/div><\/div> <!-- .affi-item-footer --><\/a> <!-- .affi-item -->          <a class=\"affi-item\" style=\"background-image: url(https:\/\/image.dovolena.cz\/photos\/d1\/a\/e9e5c3ca4c48f9e9f20df054cf299.jpg)\"\" href=\"https:\/\/dovolena.cz\/trip-detail?length=1-60&price=1-1000000&cid=15694&adult=2&airport=40-45-41-61-42-43-48-47&date=03.05.2026-02.05.2027&destination=4873&tripType=80&transport=35&transfer=1&hotelId=13152&reference=040500010caf0150630807011b040340003801ba1adf63\" target=\"_blank\">\n            <span class=\"affi-item-price\"><span class=\"price-from\">od<\/span>16 490 K\u010d<\/span>\n            <div class=\"affi-item-extras\"><span class=\"affi-item-food\">All inclusive<\/span><span class=\"affi-item-transport\">Letecky (Brno)<\/span><span class=\"affi-item-date\">Od 6.5.2026<\/div>\n            <div class=\"affi-item-footer\">\n              <div class=\"affi-item-footer-text\">\n              <h4 class=\"affi-item-title\">Hotel Riu Oliva Beach Resort&nbsp;***<\/h4>\n              <span class=\"affi-item-location-1\">\u0160pan\u011blsko<\/span>\n              <span class=\"affi-item-location-2\">Corralejo<\/span>\n            <\/div><\/div> <!-- .affi-item-footer --><\/a> <!-- .affi-item -->          <a class=\"first affi-item\" style=\"background-image: url(https:\/\/image.dovolena.cz\/photos\/c1\/a\/9fcfaad06d0ef45b9591f882ea9e1.jpg)\"\" href=\"https:\/\/dovolena.cz\/trip-detail?length=1-60&price=1-1000000&cid=15694&adult=2&airport=40-45-41-61-42-43-48-47&date=03.05.2026-02.05.2027&destination=4873&tripType=80&transport=35&transfer=1&hotelId=622761&reference=040500010d429a5104040300170401a300380107bdfa80\" target=\"_blank\">\n            <span class=\"affi-item-price\"><span class=\"price-from\">od<\/span>15 310 K\u010d<\/span>\n            <div class=\"affi-item-extras\"><span class=\"affi-item-food\">Polopenze<\/span><span class=\"affi-item-transport\">Letecky (Praha)<\/span><span class=\"affi-item-date\">Od 14.10.2026<\/div>\n            <div class=\"affi-item-footer\">\n              <div class=\"affi-item-footer-text\">\n              <h4 class=\"affi-item-title\">Alua Calvia Mallorca&nbsp;****<\/h4>\n              <span class=\"affi-item-location-1\">\u0160pan\u011blsko<\/span>\n              <span class=\"affi-item-location-2\">Magaluf<\/span>\n            <\/div><\/div> <!-- .affi-item-footer --><\/a> <!-- .affi-item -->          <a class=\"first affi-item\" style=\"background-image: url(https:\/\/image.dovolena.cz\/photos\/3b\/2\/9240feb22c1c65bb0303b64de7f42.jpg)\"\" href=\"https:\/\/dovolena.cz\/trip-detail?length=1-60&price=1-1000000&cid=15694&adult=2&airport=40-45-41-61-42-43-48-47&date=03.05.2026-02.05.2027&destination=4873&tripType=80&transport=35&transfer=1&hotelId=572240&reference=0405000108bb5150f4080700141c35b500100100000000\" target=\"_blank\">\n            <span class=\"affi-item-price\"><span class=\"price-from\">od<\/span>18 900 K\u010d<\/span>\n            <div class=\"affi-item-extras\"><span class=\"affi-item-food\">Bez stravy<\/span><span class=\"affi-item-transport\">Letecky (Praha)<\/span><span class=\"affi-item-date\">Od 28.9.2026<\/div>\n            <div class=\"affi-item-footer\">\n              <div class=\"affi-item-footer-text\">\n              <h4 class=\"affi-item-title\">Teneguia&nbsp;***<\/h4>\n              <span class=\"affi-item-location-1\">\u0160pan\u011blsko<\/span>\n              <span class=\"affi-item-location-2\">Puerto de la Cruz<\/span>\n            <\/div><\/div> <!-- .affi-item-footer --><\/a> <!-- .affi-item -->          <a class=\"first affi-item\" style=\"background-image: url(https:\/\/image.dovolena.cz\/photos\/14\/8\/0112795aea508fda543e72b2c6df8.jpg)\"\" href=\"https:\/\/dovolena.cz\/trip-detail?length=1-60&price=1-1000000&cid=15694&adult=2&airport=40-45-41-61-42-43-48-47&date=03.05.2026-02.05.2027&destination=4873&tripType=80&transport=35&transfer=1&hotelId=191648&reference=0405000108715650e1080700141c359a00100100000000\" target=\"_blank\">\n            <span class=\"affi-item-price\"><span class=\"price-from\">od<\/span>21 200 K\u010d<\/span>\n            <div class=\"affi-item-extras\"><span class=\"affi-item-food\">Bez stravy<\/span><span class=\"affi-item-transport\">Letecky (Praha)<\/span><span class=\"affi-item-date\">Od 9.9.2026<\/div>\n            <div class=\"affi-item-footer\">\n              <div class=\"affi-item-footer-text\">\n              <h4 class=\"affi-item-title\">Jardin Del Atlantico&nbsp;***<\/h4>\n              <span class=\"affi-item-location-1\">\u0160pan\u011blsko<\/span>\n              <span class=\"affi-item-location-2\">Playa del Ingles<\/span>\n            <\/div><\/div> <!-- .affi-item-footer --><\/a> <!-- .affi-item -->          <a class=\"first affi-item\" style=\"background-image: url(https:\/\/image.dovolena.cz\/photos\/bc\/9\/e2f97b666e420f9196bcbbb2ff044.jpg)\"\" href=\"https:\/\/dovolena.cz\/trip-detail?length=1-60&price=1-1000000&cid=15694&adult=2&airport=40-45-41-61-42-43-48-47&date=03.05.2026-02.05.2027&destination=4873&tripType=80&transport=35&transfer=1&hotelId=877769&reference=040500010d64ca5082080700141c36d400100100000000\" target=\"_blank\">\n            <span class=\"affi-item-price\"><span class=\"price-from\">od<\/span>21 900 K\u010d<\/span>\n            <div class=\"affi-item-extras\"><span class=\"affi-item-food\">Bez stravy<\/span><span class=\"affi-item-transport\">Letecky (Praha)<\/span><span class=\"affi-item-date\">Od 6.6.2026<\/div>\n            <div class=\"affi-item-footer\">\n              <div class=\"affi-item-footer-text\">\n              <h4 class=\"affi-item-title\">Las Brisas&nbsp;**<\/h4>\n              <span class=\"affi-item-location-1\">\u0160pan\u011blsko<\/span>\n              <span class=\"affi-item-location-2\">Playa del Ingles<\/span>\n            <\/div><\/div> <!-- .affi-item-footer --><\/a> <!-- .affi-item -->          <a class=\"affi-item\" style=\"background-image: url(https:\/\/image.dovolena.cz\/photos\/8b\/b\/3ef78db3bb5d4c318273a88d6a4c2.jpg)\"\" href=\"https:\/\/dovolena.cz\/trip-detail?length=1-60&price=1-1000000&cid=15694&adult=2&airport=40-45-41-61-42-43-48-47&date=03.05.2026-02.05.2027&destination=4873&tripType=80&transport=35&transfer=1&hotelId=903391&reference=040500010dc8df506608070014040c2100380104cccb71\" target=\"_blank\">\n            <span class=\"affi-item-price\"><span class=\"price-from\">od<\/span>17 240 K\u010d<\/span>\n            <div class=\"affi-item-extras\"><span class=\"affi-item-food\">Bez stravy<\/span><span class=\"affi-item-transport\">Letecky (Praha)<\/span><span class=\"affi-item-date\">Od 9.5.2026<\/div>\n            <div class=\"affi-item-footer\">\n              <div class=\"affi-item-footer-text\">\n              <h4 class=\"affi-item-title\">Monte Feliz powered by Playitas&nbsp;***<\/h4>\n              <span class=\"affi-item-location-1\">\u0160pan\u011blsko<\/span>\n              <span class=\"affi-item-location-2\">Bahia Feliz<\/span>\n            <\/div><\/div> <!-- .affi-item-footer --><\/a> <!-- .affi-item -->          <a class=\"affi-item\" style=\"background-image: url(https:\/\/image.dovolena.cz\/photos\/6d\/2\/9cc167b4302ce8bd82e186e21ceb4.jpg)\"\" href=\"https:\/\/dovolena.cz\/trip-detail?length=1-60&price=1-1000000&cid=15694&adult=2&airport=40-45-41-61-42-43-48-47&date=03.05.2026-02.05.2027&destination=4873&tripType=80&transport=35&transfer=1&hotelId=105109&reference=040500010d3e2150890807021904000000210100000000\" target=\"_blank\">\n            <span class=\"affi-item-price\"><span class=\"price-from\">od<\/span>18 590 K\u010d<\/span>\n            <div class=\"affi-item-extras\"><span class=\"affi-item-food\">Pln\u00e1 penze<\/span><span class=\"affi-item-transport\">Letecky (Ostrava)<\/span><span class=\"affi-item-date\">Od 13.6.2026<\/div>\n            <div class=\"affi-item-footer\">\n              <div class=\"affi-item-footer-text\">\n              <h4 class=\"affi-item-title\">H Top Royal Beach&nbsp;****<\/h4>\n              <span class=\"affi-item-location-1\">\u0160pan\u011blsko<\/span>\n              <span class=\"affi-item-location-2\">Lloret de Mar<\/span>\n            <\/div><\/div> <!-- .affi-item-footer --><\/a> <!-- .affi-item -->          <a class=\"first affi-item\" style=\"background-image: url(https:\/\/image.dovolena.cz\/photos\/e9\/0\/0ab339f600fdc78d9bfe2ccbd448e.jpg)\"\" href=\"https:\/\/dovolena.cz\/trip-detail?length=1-60&price=1-1000000&cid=15694&adult=2&airport=40-45-41-61-42-43-48-47&date=03.05.2026-02.05.2027&destination=4873&tripType=80&transport=35&transfer=1&hotelId=255796&reference=040500010d30cd508104030017040033000b0100000000\" target=\"_blank\">\n            <span class=\"affi-item-price\"><span class=\"price-from\">od<\/span>12 990 K\u010d<\/span>\n            <div class=\"affi-item-extras\"><span class=\"affi-item-food\">Polopenze<\/span><span class=\"affi-item-transport\">Letecky (Praha)<\/span><span class=\"affi-item-date\">Od 5.6.2026<\/div>\n            <div class=\"affi-item-footer\">\n              <div class=\"affi-item-footer-text\">\n              <h4 class=\"affi-item-title\">BQ Belvedere&nbsp;****<\/h4>\n              <span class=\"affi-item-location-1\">\u0160pan\u011blsko<\/span>\n              <span class=\"affi-item-location-2\">Palma de Mallorca<\/span>\n            <\/div><\/div> <!-- .affi-item-footer --><\/a> <!-- .affi-item -->          <a class=\"affi-item\" style=\"background-image: url(https:\/\/image.dovolena.cz\/photos\/2a\/f\/fc6f96a4bd152dddcda902a50c364.jpg)\"\" href=\"https:\/\/dovolena.cz\/trip-detail?length=1-60&price=1-1000000&cid=15694&adult=2&airport=40-45-41-61-42-43-48-47&date=03.05.2026-02.05.2027&destination=4873&tripType=80&transport=35&transfer=1&hotelId=74136&reference=040500010cbad650e20604001b04000f003801b55fdc1c\" target=\"_blank\">\n            <span class=\"affi-item-price\"><span class=\"price-from\">od<\/span>16 170 K\u010d<\/span>\n            <div class=\"affi-item-extras\"><span class=\"affi-item-food\">All inclusive<\/span><span class=\"affi-item-transport\">Letecky (Praha)<\/span><span class=\"affi-item-date\">Od 10.9.2026<\/div>\n            <div class=\"affi-item-footer\">\n              <div class=\"affi-item-footer-text\">\n              <h4 class=\"affi-item-title\">Hotel Playas de Torrevieja&nbsp;***<\/h4>\n              <span class=\"affi-item-location-1\">\u0160pan\u011blsko<\/span>\n              <span class=\"affi-item-location-2\">Torrevieja<\/span>\n            <\/div><div class=\"affi-item-reviews\"><span class=\"affi-item-reviews-title\">Posledn\u00ed hodnocen\u00ed:<\/span><div class=\"review-item\"><span class=\"affi-item-reviews-date\">5.7.2025<\/span><span class=\"stars\" style=\"--rating: 4.2;\"><\/span><\/div><\/div><\/div> <!-- .affi-item-footer --><\/a> <!-- .affi-item -->          <a class=\"affi-item\" style=\"background-image: url(https:\/\/image.dovolena.cz\/photos\/34\/c\/ae03de86a9ce1aa3aff9b6442e4a9.jpg)\"\" href=\"https:\/\/dovolena.cz\/trip-detail?length=1-60&price=1-1000000&cid=15694&adult=2&airport=40-45-41-61-42-43-48-47&date=03.05.2026-02.05.2027&destination=4873&tripType=80&transport=35&transfer=1&hotelId=936575&reference=040500010e4a7f507e0504001704014e000b0100000000\" target=\"_blank\">\n            <span class=\"affi-item-price\"><span class=\"price-from\">od<\/span>12 490 K\u010d<\/span>\n            <div class=\"affi-item-extras\"><span class=\"affi-item-food\">Polopenze<\/span><span class=\"affi-item-transport\">Letecky (Praha)<\/span><span class=\"affi-item-date\">Od 2.6.2026<\/div>\n            <div class=\"affi-item-footer\">\n              <div class=\"affi-item-footer-text\">\n              <h4 class=\"affi-item-title\">Aqua Hotel Bertran Park&nbsp;****<\/h4>\n              <span class=\"affi-item-location-1\">\u0160pan\u011blsko<\/span>\n              <span class=\"affi-item-location-2\">Lloret de Mar<\/span>\n            <\/div><\/div> <!-- .affi-item-footer --><\/a> <!-- .affi-item -->          <a class=\"affi-item\" style=\"background-image: url(https:\/\/image.dovolena.cz\/photos\/79\/d\/4a92132035500f1517483e0a44fe6.jpg)\"\" href=\"https:\/\/dovolena.cz\/trip-detail?length=1-60&price=1-1000000&cid=15694&adult=2&airport=40-45-41-61-42-43-48-47&date=03.05.2026-02.05.2027&destination=4873&tripType=80&transport=35&transfer=1&hotelId=253366&reference=040500010d508850630403001504174800060100000000\" target=\"_blank\">\n            <span class=\"affi-item-price\"><span class=\"price-from\">od<\/span>14 390 K\u010d<\/span>\n            <div class=\"affi-item-extras\"><span class=\"affi-item-food\">Sn\u00eddan\u011b<\/span><span class=\"affi-item-transport\">Letecky (Praha)<\/span><span class=\"affi-item-date\">Od 6.5.2026<\/div>\n            <div class=\"affi-item-footer\">\n              <div class=\"affi-item-footer-text\">\n              <h4 class=\"affi-item-title\">Novomar&nbsp;***<\/h4>\n              <span class=\"affi-item-location-1\">\u0160pan\u011blsko<\/span>\n              <span class=\"affi-item-location-2\">Paguera<\/span>\n            <\/div><\/div> <!-- .affi-item-footer --><\/a> <!-- .affi-item -->          <a class=\"affi-item\" style=\"background-image: url(https:\/\/image.dovolena.cz\/photos\/0c\/7\/979a27a4f8374ec64c3e84910d3d3.jpg)\"\" href=\"https:\/\/dovolena.cz\/trip-detail?length=1-60&price=1-1000000&cid=15694&adult=2&airport=40-45-41-61-42-43-48-47&date=03.05.2026-02.05.2027&destination=4873&tripType=80&transport=35&transfer=1&hotelId=247385&reference=040500010cb8b650940403001704001e0038015d098f90\" target=\"_blank\">\n            <span class=\"affi-item-price\"><span class=\"price-from\">od<\/span>17 390 K\u010d<\/span>\n            <div class=\"affi-item-extras\"><span class=\"affi-item-food\">Polopenze<\/span><span class=\"affi-item-transport\">Letecky (Praha)<\/span><span class=\"affi-item-date\">Od 24.6.2026<\/div>\n            <div class=\"affi-item-footer\">\n              <div class=\"affi-item-footer-text\">\n              <h4 class=\"affi-item-title\">Hipotels Said&nbsp;****<\/h4>\n              <span class=\"affi-item-location-1\">\u0160pan\u011blsko<\/span>\n              <span class=\"affi-item-location-2\">Cala Millor<\/span>\n            <\/div><\/div> <!-- .affi-item-footer --><\/a> <!-- .affi-item --><\/div> <!-- .affi-box --><\/div>\n<p>[\/vc_column_text][vc_btn title=&#8221;je\u0161t\u011b v\u00edce nab\u00eddek&#8221; style=&#8221;outline&#8221; color=&#8221;green&#8221; size=&#8221;lg&#8221; align=&#8221;center&#8221; i_align=&#8221;right&#8221; i_icon_fontawesome=&#8221;fa fa-external-link&#8221; button_block=&#8221;true&#8221; add_icon=&#8221;true&#8221; link=&#8221;url:https%3A%2F%2Fe-booking.cz%2Fgo%2Fdovolena-spanelsko%2F||target:%20_blank|&#8221;][\/vc_column][\/vc_row][vc_row][vc_column][vc_column_text]<\/p>\n<h2>Nab\u00eddka aktivit ve \u0160pan\u011blsku<\/h2>\n<p>[\/vc_column_text][\/vc_column][\/vc_row][vc_row][vc_column][vc_raw_html]JTNDZGl2JTIwZGF0YS1neWctaHJlZiUzRCUyMmh0dHBzJTNBJTJGJTJGd2lkZ2V0LmdldHlvdXJndWlkZS5jb20lMkZkZWZhdWx0JTJGYWN0aXZpdGVzLmZyYW1lJTIyJTIwZGF0YS1neWctbG9jYWxlLWNvZGUlM0QlMjJlbi1VUyUyMiUyMGRhdGEtZ3lnLXdpZGdldCUzRCUyMmFjdGl2aXRpZXMlMjIlMjBkYXRhLWd5Zy1udW1iZXItb2YtaXRlbXMlM0QlMjI4JTIyJTIwZGF0YS1neWctY3VycmVuY3klM0QlMjJDWkslMjIlMjBkYXRhLWd5Zy1wYXJ0bmVyLWlkJTNEJTIyVEVaWjcwNiUyMiUyMGRhdGEtZ3lnLXBsYWNlbWVudCUzRCUyMmNvbnRlbnQtZW5kJTIyJTNFJTNDJTJGZGl2JTNF[\/vc_raw_html][vc_raw_html]JTNDc2NyaXB0JTIwYXN5bmMlMjBkZWZlciUyMHNyYyUzRCUyMmh0dHBzJTNBJTJGJTJGd2lkZ2V0LmdldHlvdXJndWlkZS5jb20lMkZ2MiUyRndpZGdldC5qcyUyMiUzRSUzQyUyRnNjcmlwdCUzRQ==[\/vc_raw_html][\/vc_column][\/vc_row]<\/p>\n<\/div>","protected":false},"excerpt":{"rendered":"<p>[vc_row][vc_column][vc_raw_html]JTNDc2NyaXB0JTIwc3JjJTNEJTIyaHR0cHMlM0ElMkYlMkZhZmYuZG92b2xlbmEuY3olMkZqcyUyRmxpYnMlMkZkdl9pZnJhbWVfYXV0b3NpemUuanMlM0Z2ZXJzaW9uJTNEMTU3Mjk5NDgwMyUyMiUzRSUzQyUyRnNjcmlwdCUzRSUwQSUzQ2lmcmFtZSUyMGlkJTNEJTIyZHZfZmlsdGVyX2lmcmFtZSUyMiUyMHdpZHRoJTNEJTIyMTAwJTI1JTIyJTIwc3JjJTNEJTIyJTJGJTJGYWZmLmRvdm9sZW5hLmN6JTJGY2FtcGFpZ24lMkZmaWx0ZXJfaWZyYW1lJTNGY2lkJTNEMTU0MTUlMjIlMjBzY3JvbGxpbmclM0QlMjJubyUyMiUyMGZyYW1lYm9yZGVyJTNEJTIyMCUyMiUzRSUzQyUyRmlmcmFtZSUzRQ==[\/vc_raw_html][\/vc_column][\/vc_row][vc_row][vc_column][vc_empty_space][\/vc_column][\/vc_row][vc_row][vc_column][vc_column_text] [\/vc_column_text][vc_btn title=&#8221;je\u0161t\u011b v\u00edce nab\u00eddek&#8221; style=&#8221;outline&#8221; color=&#8221;green&#8221; size=&#8221;lg&#8221; align=&#8221;center&#8221; i_align=&#8221;right&#8221; i_icon_fontawesome=&#8221;fa fa-external-link&#8221; button_block=&#8221;true&#8221; add_icon=&#8221;true&#8221; link=&#8221;url:https%3A%2F%2Fe-booking.cz%2Fgo%2Fdovolena-spanelsko%2F||target:%20_blank|&#8221;][\/vc_column][\/vc_row][vc_row][vc_column][vc_column_text] Nab\u00eddka aktivit ve \u0160pan\u011blsku [\/vc_column_text][\/vc_column][\/vc_row][vc_row][vc_column][vc_raw_html]JTNDZGl2JTIwZGF0YS1neWctaHJlZiUzRCUyMmh0dHBzJTNBJTJGJTJGd2lkZ2V0LmdldHlvdXJndWlkZS5jb20lMkZkZWZhdWx0JTJGYWN0aXZpdGVzLmZyYW1lJTIyJTIwZGF0YS1neWctbG9jYWxlLWNvZGUlM0QlMjJlbi1VUyUyMiUyMGRhdGEtZ3lnLXdpZGdldCUzRCUyMmFjdGl2aXRpZXMlMjIlMjBkYXRhLWd5Zy1udW1iZXItb2YtaXRlbXMlM0QlMjI4JTIyJTIwZGF0YS1neWctY3VycmVuY3klM0QlMjJDWkslMjIlMjBkYXRhLWd5Zy1wYXJ0bmVyLWlkJTNEJTIyVEVaWjcwNiUyMiUyMGRhdGEtZ3lnLXBsYWNlbWVudCUzRCUyMmNvbnRlbnQtZW5kJTIyJTNFJTNDJTJGZGl2JTNF[\/vc_raw_html][vc_raw_html]JTNDc2NyaXB0JTIwYXN5bmMlMjBkZWZlciUyMHNyYyUzRCUyMmh0dHBzJTNBJTJGJTJGd2lkZ2V0LmdldHlvdXJndWlkZS5jb20lMkZ2MiUyRndpZGdldC5qcyUyMiUzRSUzQyUyRnNjcmlwdCUzRQ==[\/vc_raw_html][\/vc_column][\/vc_row]<\/p>\n","protected":false},"author":3,"featured_media":15110,"parent":0,"menu_order":0,"comment_status":"closed","ping_status":"closed","template":"template-home-modern.php","meta":{"footnotes":""},"class_list":["post-17098","page","type-page","status-publish","has-post-thumbnail","hentry"],"yoast_head":"<!-- This site is optimized with the Yoast SEO Premium plugin v26.1 (Yoast SEO v27.2) - https:\/\/yoast.com\/product\/yoast-seo-premium-wordpress\/ -->\n<title>Dovolen\u00e1 ve \u0160pan\u011blsku - e-booking.cz<\/title>\n<meta name=\"description\" content=\"Dovolen\u00e1 \u0160pan\u011blsko. Porovnejte ceny z\u00e1jezd\u016f do destinace \u0160pan\u011blsko- Mallorca, Andalusie, Kan\u00e1rsk\u00e9 ostrovy. Garance stejn\u00e9 ceny jako u CK.\" \/>\n<meta name=\"robots\" content=\"index, follow, max-snippet:-1, max-image-preview:large, max-video-preview:-1\" \/>\n<link rel=\"canonical\" href=\"https:\/\/e-booking.cz\/spanelsko\/\" \/>\n<meta name=\"twitter:card\" content=\"summary_large_image\" \/>\n<meta name=\"twitter:title\" content=\"Dovolen\u00e1 ve \u0160pan\u011blsku - e-booking.cz\" \/>\n<meta name=\"twitter:description\" content=\"Dovolen\u00e1 \u0160pan\u011blsko. Porovnejte ceny z\u00e1jezd\u016f do destinace \u0160pan\u011blsko- Mallorca, Andalusie, Kan\u00e1rsk\u00e9 ostrovy. Garance stejn\u00e9 ceny jako u CK.\" \/>\n<meta name=\"twitter:image\" content=\"https:\/\/e-booking.cz\/wp-content\/uploads\/2019\/10\/stephan-valentin-jGp90H2tPRw-unsplash.jpg\" \/>\n<meta name=\"twitter:site\" content=\"@EBookingcz\" \/>\n<meta name=\"twitter:label1\" content=\"Est. reading time\" \/>\n\t<meta name=\"twitter:data1\" content=\"1 minute\" \/>\n<script type=\"application\/ld+json\" class=\"yoast-schema-graph\">{\"@context\":\"https:\/\/schema.org\",\"@graph\":[{\"@type\":\"WebPage\",\"@id\":\"https:\/\/e-booking.cz\/spanelsko\/\",\"url\":\"https:\/\/e-booking.cz\/spanelsko\/\",\"name\":\"Dovolen\u00e1 ve \u0160pan\u011blsku - e-booking.cz\",\"isPartOf\":{\"@id\":\"https:\/\/e-booking.cz\/#website\"},\"primaryImageOfPage\":{\"@id\":\"https:\/\/e-booking.cz\/spanelsko\/#primaryimage\"},\"image\":{\"@id\":\"https:\/\/e-booking.cz\/spanelsko\/#primaryimage\"},\"thumbnailUrl\":\"https:\/\/e-booking.cz\/wp-content\/uploads\/2019\/10\/stephan-valentin-jGp90H2tPRw-unsplash.jpg\",\"datePublished\":\"2019-11-06T00:46:37+00:00\",\"dateModified\":\"2020-02-02T11:54:39+00:00\",\"description\":\"Dovolen\u00e1 \u0160pan\u011blsko. Porovnejte ceny z\u00e1jezd\u016f do destinace \u0160pan\u011blsko- Mallorca, Andalusie, Kan\u00e1rsk\u00e9 ostrovy. Garance stejn\u00e9 ceny jako u CK.\",\"breadcrumb\":{\"@id\":\"https:\/\/e-booking.cz\/spanelsko\/#breadcrumb\"},\"inLanguage\":\"en-US\",\"potentialAction\":[{\"@type\":\"ReadAction\",\"target\":[\"https:\/\/e-booking.cz\/spanelsko\/\"]}]},{\"@type\":\"ImageObject\",\"inLanguage\":\"en-US\",\"@id\":\"https:\/\/e-booking.cz\/spanelsko\/#primaryimage\",\"url\":\"https:\/\/e-booking.cz\/wp-content\/uploads\/2019\/10\/stephan-valentin-jGp90H2tPRw-unsplash.jpg\",\"contentUrl\":\"https:\/\/e-booking.cz\/wp-content\/uploads\/2019\/10\/stephan-valentin-jGp90H2tPRw-unsplash.jpg\",\"width\":1957,\"height\":2946},{\"@type\":\"BreadcrumbList\",\"@id\":\"https:\/\/e-booking.cz\/spanelsko\/#breadcrumb\",\"itemListElement\":[{\"@type\":\"ListItem\",\"position\":1,\"name\":\"Dom\u016f\",\"item\":\"https:\/\/e-booking.cz\/en\/\"},{\"@type\":\"ListItem\",\"position\":2,\"name\":\"\u0160pan\u011blsko\"}]},{\"@type\":\"WebSite\",\"@id\":\"https:\/\/e-booking.cz\/#website\",\"url\":\"https:\/\/e-booking.cz\/\",\"name\":\"e-booking.cz\",\"description\":\"\",\"publisher\":{\"@id\":\"https:\/\/e-booking.cz\/#organization\"},\"potentialAction\":[{\"@type\":\"SearchAction\",\"target\":{\"@type\":\"EntryPoint\",\"urlTemplate\":\"https:\/\/e-booking.cz\/?s={search_term_string}\"},\"query-input\":{\"@type\":\"PropertyValueSpecification\",\"valueRequired\":true,\"valueName\":\"search_term_string\"}}],\"inLanguage\":\"en-US\"},{\"@type\":\"Organization\",\"@id\":\"https:\/\/e-booking.cz\/#organization\",\"name\":\"e-booking.cz\",\"url\":\"https:\/\/e-booking.cz\/\",\"logo\":{\"@type\":\"ImageObject\",\"inLanguage\":\"en-US\",\"@id\":\"https:\/\/e-booking.cz\/#\/schema\/logo\/image\/\",\"url\":\"https:\/\/e-booking.cz\/wp-content\/uploads\/2019\/08\/logo-ebooking-e1565277525708.png\",\"contentUrl\":\"https:\/\/e-booking.cz\/wp-content\/uploads\/2019\/08\/logo-ebooking-e1565277525708.png\",\"width\":130,\"height\":24,\"caption\":\"e-booking.cz\"},\"image\":{\"@id\":\"https:\/\/e-booking.cz\/#\/schema\/logo\/image\/\"},\"sameAs\":[\"https:\/\/www.facebook.com\/ebookingcz\",\"https:\/\/x.com\/EBookingcz\",\"https:\/\/www.instagram.com\/ebooking.cz\/\"]}]}<\/script>\n<!-- \/ Yoast SEO Premium plugin. -->","yoast_head_json":{"title":"Dovolen\u00e1 ve \u0160pan\u011blsku - e-booking.cz","description":"Dovolen\u00e1 \u0160pan\u011blsko. Porovnejte ceny z\u00e1jezd\u016f do destinace \u0160pan\u011blsko- Mallorca, Andalusie, Kan\u00e1rsk\u00e9 ostrovy. Garance stejn\u00e9 ceny jako u CK.","robots":{"index":"index","follow":"follow","max-snippet":"max-snippet:-1","max-image-preview":"max-image-preview:large","max-video-preview":"max-video-preview:-1"},"canonical":"https:\/\/e-booking.cz\/spanelsko\/","twitter_card":"summary_large_image","twitter_title":"Dovolen\u00e1 ve \u0160pan\u011blsku - e-booking.cz","twitter_description":"Dovolen\u00e1 \u0160pan\u011blsko. Porovnejte ceny z\u00e1jezd\u016f do destinace \u0160pan\u011blsko- Mallorca, Andalusie, Kan\u00e1rsk\u00e9 ostrovy. Garance stejn\u00e9 ceny jako u CK.","twitter_image":"https:\/\/e-booking.cz\/wp-content\/uploads\/2019\/10\/stephan-valentin-jGp90H2tPRw-unsplash.jpg","twitter_site":"@EBookingcz","twitter_misc":{"Est. reading time":"1 minute"},"schema":{"@context":"https:\/\/schema.org","@graph":[{"@type":"WebPage","@id":"https:\/\/e-booking.cz\/spanelsko\/","url":"https:\/\/e-booking.cz\/spanelsko\/","name":"Dovolen\u00e1 ve \u0160pan\u011blsku - e-booking.cz","isPartOf":{"@id":"https:\/\/e-booking.cz\/#website"},"primaryImageOfPage":{"@id":"https:\/\/e-booking.cz\/spanelsko\/#primaryimage"},"image":{"@id":"https:\/\/e-booking.cz\/spanelsko\/#primaryimage"},"thumbnailUrl":"https:\/\/e-booking.cz\/wp-content\/uploads\/2019\/10\/stephan-valentin-jGp90H2tPRw-unsplash.jpg","datePublished":"2019-11-06T00:46:37+00:00","dateModified":"2020-02-02T11:54:39+00:00","description":"Dovolen\u00e1 \u0160pan\u011blsko. Porovnejte ceny z\u00e1jezd\u016f do destinace \u0160pan\u011blsko- Mallorca, Andalusie, Kan\u00e1rsk\u00e9 ostrovy. Garance stejn\u00e9 ceny jako u CK.","breadcrumb":{"@id":"https:\/\/e-booking.cz\/spanelsko\/#breadcrumb"},"inLanguage":"en-US","potentialAction":[{"@type":"ReadAction","target":["https:\/\/e-booking.cz\/spanelsko\/"]}]},{"@type":"ImageObject","inLanguage":"en-US","@id":"https:\/\/e-booking.cz\/spanelsko\/#primaryimage","url":"https:\/\/e-booking.cz\/wp-content\/uploads\/2019\/10\/stephan-valentin-jGp90H2tPRw-unsplash.jpg","contentUrl":"https:\/\/e-booking.cz\/wp-content\/uploads\/2019\/10\/stephan-valentin-jGp90H2tPRw-unsplash.jpg","width":1957,"height":2946},{"@type":"BreadcrumbList","@id":"https:\/\/e-booking.cz\/spanelsko\/#breadcrumb","itemListElement":[{"@type":"ListItem","position":1,"name":"Dom\u016f","item":"https:\/\/e-booking.cz\/en\/"},{"@type":"ListItem","position":2,"name":"\u0160pan\u011blsko"}]},{"@type":"WebSite","@id":"https:\/\/e-booking.cz\/#website","url":"https:\/\/e-booking.cz\/","name":"e-booking.cz","description":"","publisher":{"@id":"https:\/\/e-booking.cz\/#organization"},"potentialAction":[{"@type":"SearchAction","target":{"@type":"EntryPoint","urlTemplate":"https:\/\/e-booking.cz\/?s={search_term_string}"},"query-input":{"@type":"PropertyValueSpecification","valueRequired":true,"valueName":"search_term_string"}}],"inLanguage":"en-US"},{"@type":"Organization","@id":"https:\/\/e-booking.cz\/#organization","name":"e-booking.cz","url":"https:\/\/e-booking.cz\/","logo":{"@type":"ImageObject","inLanguage":"en-US","@id":"https:\/\/e-booking.cz\/#\/schema\/logo\/image\/","url":"https:\/\/e-booking.cz\/wp-content\/uploads\/2019\/08\/logo-ebooking-e1565277525708.png","contentUrl":"https:\/\/e-booking.cz\/wp-content\/uploads\/2019\/08\/logo-ebooking-e1565277525708.png","width":130,"height":24,"caption":"e-booking.cz"},"image":{"@id":"https:\/\/e-booking.cz\/#\/schema\/logo\/image\/"},"sameAs":["https:\/\/www.facebook.com\/ebookingcz","https:\/\/x.com\/EBookingcz","https:\/\/www.instagram.com\/ebooking.cz\/"]}]}},"_links":{"self":[{"href":"https:\/\/e-booking.cz\/en\/wp-json\/wp\/v2\/pages\/17098","targetHints":{"allow":["GET"]}}],"collection":[{"href":"https:\/\/e-booking.cz\/en\/wp-json\/wp\/v2\/pages"}],"about":[{"href":"https:\/\/e-booking.cz\/en\/wp-json\/wp\/v2\/types\/page"}],"author":[{"embeddable":true,"href":"https:\/\/e-booking.cz\/en\/wp-json\/wp\/v2\/users\/3"}],"replies":[{"embeddable":true,"href":"https:\/\/e-booking.cz\/en\/wp-json\/wp\/v2\/comments?post=17098"}],"version-history":[{"count":4,"href":"https:\/\/e-booking.cz\/en\/wp-json\/wp\/v2\/pages\/17098\/revisions"}],"predecessor-version":[{"id":17115,"href":"https:\/\/e-booking.cz\/en\/wp-json\/wp\/v2\/pages\/17098\/revisions\/17115"}],"wp:featuredmedia":[{"embeddable":true,"href":"https:\/\/e-booking.cz\/en\/wp-json\/wp\/v2\/media\/15110"}],"wp:attachment":[{"href":"https:\/\/e-booking.cz\/en\/wp-json\/wp\/v2\/media?parent=17098"}],"curies":[{"name":"wp","href":"https:\/\/api.w.org\/{rel}","templated":true}]}}